{"id":8,"date":"2014-01-22T20:00:33","date_gmt":"2014-01-22T18:00:33","guid":{"rendered":"http:\/\/bmw-baur-tc-club.de\/WP\/?page_id=8"},"modified":"2026-02-05T08:35:49","modified_gmt":"2026-02-05T07:35:49","slug":"impressum","status":"publish","type":"page","link":"https:\/\/bmw-baur-tc-club.de\/WP\/impressum\/","title":{"rendered":"Impressum"},"content":{"rendered":"<div>\n<h1><\/h1>\n<h1>Impressum<\/h1>\n<p>BMW BAUR TC Club e.V., Oherweg 23a, 21509 Glinde<\/p>\n<p>Clubb\u00fcro: BMW BAUR TC Club e.V., Stefan Brand, Zentgrafenstra\u00dfe 18, 60389 Frankfurt am Main<\/p>\n<p>Vorstand:<br \/>\nThomas Puls, 1. Vorsitzender<br \/>\nStefan Brand, 2. Vorsitzender<\/p>\n<p>Eingetragen im Vereinsregister des Amtsgericht L\u00fcbeck<br \/>\nVereinsregisternummer VR 3211 HL<\/p>\n<p>Verantwortlicher im Sinne des Presserechts\u00a0(V.i.S.d \u00a7 55 Abs. 2 RStV:)<br \/>\nThomas Puls, Oherweg 23a, 21509 Glinde<\/p>\n<h1 style=\"text-align: justify;\">Disclaimer<\/h1>\n<p style=\"text-align: justify;\">\u00a71 Der Autor \u00fcbernimmt keinerlei Gew\u00e4hr f\u00fcr die Aktualit\u00e4t, Richtigkeit, Vollst\u00e4ndigkeit oder Qualit\u00e4t der bereitgestellten Informationen. Haftungsanspr\u00fcche gegen den Autor, die sich auf Sch\u00e4den materieller oder ideeller Art beziehen, welche durch die Nutzung oder Nichtnutzung der dargebotenen Informationen oder durch die Nutzung fehlerhafter und unvollst\u00e4ndiger Informationen verursacht wurden, sind ausgeschlossen. Alle Angebote sind freibleibend und unverbindlich.<\/p>\n<p style=\"text-align: justify;\">\u00a72 Der Autor ist bestrebt, in allen Publikationen die Urheberrechte der verwendeten Grafiken, Sounds und Texte zu beachten oder lizenzfreie Grafiken, Sounds und Texte zu verwenden. Sollte sich auf den jeweiligen Seiten dennoch eine urheberrechtlich gesch\u00fctzte Grafik, ein Sound oder ein Text befinden, so konnte das Urheberrecht vom Autor nicht festgestellt werden. Im Falle einer solchen unbeabsichtigten Urheberrechtsverletzung wird der Autor das entsprechende Objekt nach Benachrichtigung aus seiner Publikation entfernen bzw. mit dem entsprechenden Urheberrecht kenntlich machen.<\/p>\n<p style=\"text-align: justify;\">\u00a73 Bei meinen externen Querverweisen (&#8222;Links&#8220;) handelt es sich um eine subjektive Auswahl von Verweisen auf andere Internetangebote. F\u00fcr den Inhalt dieser Angebote sind die jeweiligen Betreiber \/ Verfasser selbst verantwortlich und haftbar. Von etwaigen illegalen, pers\u00f6nlichkeitsverletzenden, moralisch oder ethisch anst\u00f6\u00dfigen Inhalten distanzieren ich mich in aller Deutlichkeit und bitte um entsprechende Information, falls ein Querverweis auf ein solches Angebot bestehen sollte.<\/p>\n<p style=\"text-align: justify;\">\u00a74 &#8222;BMW-BAUR-TC-Club.de&#8220; ist als Inhaltsanbieter f\u00fcr die eigenen Inhalte, die er zur Nutzung bereith\u00e4lt, nach den allgemeinen Gesetzen verantwortlich. Von diesen eigenen Inhalten sind Querverweise (&#8222;Links&#8220;) auf die von anderen Anbietern bereitgehaltenen Inhalte zu unterscheiden. F\u00fcr diese fremden Inhalte ist BMW-BAUR-TC-Club.de nur dann verantwortlich, wenn von ihnen (d.h. auch von einem rechtswidrigen bzw. strafbaren Inhalt) positive Kenntnis vorliegt und es technisch m\u00f6glich und zumutbar ist, deren Nutzung zu verhindern (\u00a75 Abs.2 TDG).<\/p>\n<p style=\"text-align: justify;\">\u00a75 Bei &#8222;Links&#8220; handelt es sich allerdings stets um &#8222;lebende&#8220; (dynamische) Verweise. &#8222;BMW-BAUR-TC-Club.de&#8220; hat zwar bei der erstmaligen Verkn\u00fcpfung den fremden Inhalt auf die m\u00f6gliche Ausl\u00f6sung einer zivilrechtlichen oder strafrechtlichen Verantwortlichkeit gepr\u00fcft. Der Inhaltsanbieter ist aber nach dem TDG nicht dazu verpflichtet, die Inhalte, auf die er in seinem Angebot verweist, st\u00e4ndig auf Ver\u00e4nderungen zu \u00fcberpr\u00fcfen, die eine Verantwortlichkeit neu begr\u00fcnden k\u00f6nnten. Erst wenn er feststellt oder von anderen darauf hingewiesen wird, dass ein konkretes Angebot, zu dem er einen Link bereitgestellt hat, eine zivil- oder strafrechtliche Verantwortlichkeit ausl\u00f6st, wird er den Verweis auf dieses Angebot aufheben, soweit ihm dies technisch m\u00f6glich und zumutbar ist. Die technische M\u00f6glichkeit und Zumutbarkeit wird nicht dadurch beeinflusst, dass auch nach Unterbindung des Zugriffs von der &#8222;BMW-BAUR-TC-Club.de&#8220;-Homepage von anderen Servern aus auf das rechtswidrige oder strafbare Angebot zugegriffen werden kann.<\/p>\n<p style=\"text-align: justify;\">\u00a73-\u00a75 dieser Nutzungsbedingungen verwende ich mit freundlicher Genehmigung des Datenschutzbeauftragten Berlin, von dessen Website ich diese Bedingungen f\u00fcr meine Zwecke abgeleitet habe und die jedem, der sie gerne verwenden m\u00f6chte, ebenfalls zur Verf\u00fcgung stehen.<\/p>\n<h1><\/h1>\n<h1>Datenschutzerkl\u00e4rung<\/h1>\n<p>Den Instanzen des BMW BAUR TC Club e.V. (nachstehend BAUR-Club) ist bewusst, dass<br \/>\neuch, den Vereinsmitgliedern und Nutzern der Vereinsangebote, ein besonders sensibler<br \/>\nUmgang mit allen personenbezogenen Daten \u00e4u\u00dferst wichtig ist. Unsere allgemeinen<br \/>\nRichtlinien sind einfach und wir legen deutlich dar, welche Daten wir erfassen und warum<br \/>\nwir das tun. Eure Daten werden von uns besonders geschu\u0308tzt.<br \/>\nHauptzweck der Datenerfassung ist die Verwaltung der Mitglieder im BAUR-Club sowie<br \/>\ndie Abwicklung von gesch\u00e4ftlichen Vorg\u00e4ngen (z.B. der Verkauf von Shopartikeln). Mit<br \/>\ndieser Datenschutzerkl\u00e4rung m\u00f6chten wir im Detail daru\u0308ber informieren, welche<br \/>\npersonenbezogenen Daten wir entweder direkt oder indirekt erheben und wie diese Daten<br \/>\nverwendet werden. Ebenso m\u00f6chten wir aufzeigen, wie die Nutzung der Daten durch unsere<br \/>\nMitglieder gesteuert werden k\u00f6nnen.<br \/>\nDefinition:<br \/>\nBei personenbezogenen Daten handelt es sich um Informationen zu eurer Person, die wir<br \/>\njederzeit mit euch verknu\u0308pfen k\u00f6nnen bzw. mit denen wir euch eindeutig identifizieren<br \/>\nk\u00f6nnen (Art. 4 DSGVO).<br \/>\nVerantwortliche im Sinne der DSGVO sind die gesetzlichen Vertreter des Vereins nach \u00a726<br \/>\nBGB.<br \/>\nDie unterschiedlichen Arten von erfassten personenbezogenen Daten<br \/>\nDaten, die wir von euch pers\u00f6nlich zur Verfu\u0308gung gestellt bekommen:<br \/>\nGrunds\u00e4tzlich erfassen wir Daten, die ihr dem BAUR-Club freiwillig zur Verfu\u0308gung stellt, zum<br \/>\nBeispiel beim Vereinseintritt. Hierzu z\u00e4hlen euer Vor- und Nachname, die Anschrift, das<br \/>\nGeburtsdatum, Kontaktdaten wie E-Mail-Adresse und Telefonnummern, sowie Bankdaten fu\u0308r den<br \/>\nLastschrifteinzug und weitere, dem Vereinszweck dienende Daten. Diese Daten werden ohne eure<br \/>\nausdru\u0308ckliche Zustimmung nicht an Dritte weitergegeben, es sei denn, eine Weitergabe ist aufgrund<br \/>\ngesetzlicher Vorschriften erforderlich. Durch den Vereinsbeitritt stimmt ihr der EDV-gestu\u0308tzen<br \/>\nVerarbeitung der Daten sowie der Nutzung der Daten zu Vereinszwecken zu.<br \/>\n\u2022 Daten, die automatisch erhoben werden:<br \/>\n\u00dcber den Zugriff und den Besuch unserer Webseite werden Informationen (Datum, Uhrzeit,<br \/>\naufgerufene Seite) auf dem Web-Server in sogenannten Logfiles gespeichert. Ohne expliziten Login<br \/>\nerfolgt dies anonymisiert, der Benutzer der Seite wird nicht pers\u00f6nlich identifiziert. Es werden<br \/>\nkeine personenbezogenenen Daten (z. B. Name, Anschrift oder E-Mail-Adresse), gespeichert. Die<br \/>\nLogin-Funktion steht nur ausgew\u00e4hlten Benutzern (Administratoren) zur Ausu\u0308bung ihrer<br \/>\nT\u00e4tigkeiten im Rahmen der Webseiten-Bearbeitung zur Verfu\u0308gung. Der Login wird ebenfalls in den<br \/>\nLogfiles gespeichert. Die Daten u\u0308ber die Webseiten-Besuche werden nur zum Zweck der<br \/>\nstatistischen Auswertung gesammelt.<br \/>\nZur Erhebung und Speicherung der Nutzungsdaten k\u00f6nnen wir auch Cookies einsetzen. Dabei<br \/>\nhandelt es sich um kleine Textdateien, die auf eurem Computer gespeichert werden und zur<br \/>\nSpeicherung von statistischen Information wie Betriebssystem, Browser, IP-Adresse, der zuvor<br \/>\naufgerufene Webseite (Referrer-URL) sowie zur Identifizierung von Datum\/Uhrzeit auf unserer<br \/>\nSeite dienen. Diese Daten werden ausschlie\u00dflich zu statistischen Zwecken erhoben, um unseren<br \/>\nInternetauftritt weiter zu optimieren. Die Erhebung und Speicherung erfolgt ausschlie\u00dflich in<br \/>\nanonymisierter oder pseudonymisierter Form und l\u00e4sst keinen Ru\u0308ckschluss auf euch als natu\u0308rliche<br \/>\nPerson zu.<br \/>\n\u2022 Daten, die wir u\u0308ber zus\u00e4tzliche Quellen beziehen:<br \/>\nSelbstverst\u00e4ndlich stellen wir sicher, dass auch Daten, die wir von Drittparteien erhalten,<br \/>\nentsprechend unserer hier erfassten Datenschutzrichtlinien behandeln und daru\u0308ber hinaus jede<br \/>\nweitere Beschr\u00e4nkung, die ggfs. durch die Drittpartei auferlegt werden, beru\u0308cksichtigen.<br \/>\nAuftraggeber\/Auftragnehmer zur Datenverarbeitung<br \/>\nWir nutzen zur Verwaltung personenbezogener Daten ausschlie\u00dflich allgemein verfu\u0308gbare Software<br \/>\n(z.B. Microsoft-Word, Microsoft-Excel, Open Office, Adobe Acrobat Reader). Die Speicherung<br \/>\nerfolgt lokal auf privaten Rechnern unter Verwendung handelsu\u0308blicher Schutzprogramme.<br \/>\nVerwendung von personenbezogenen Daten<br \/>\nWir verwenden die bereitgestellten und erfassten Daten zur Durchfu\u0308hrung des<br \/>\nMitgliedschaftsverh\u00e4ltnisses (z.B. Einladung zu Versammlungen, Beitragseinzug, Organisation von<br \/>\nVeranstaltungen).<br \/>\nDaru\u0308ber hinaus werden personenbezogene Daten im Zusammenhang mit Vereinsereignissen<br \/>\neinschlie\u00dflich der Berichterstattung hieru\u0308ber auf der Internetseite des Vereins, in Auftritten des<br \/>\nVereins in Sozialen Medien (bspw. Facebook) sowie auf Seiten der Fachverb\u00e4nde ver\u00f6ffentlicht und<br \/>\nan lokale, regionale und u\u0308berregionale Printmedien u\u0308bermittelt.<br \/>\nGrundlagen zur Verwendung von personenbezogenen Daten<br \/>\nDie Verarbeitung der personenbezogenen Daten erfolgt in der Regel aufgrund der Erforderlichkeit<br \/>\nzur Erfu\u0308llung eines Vertrages gem\u00e4\u00df Artikel 6 Abs. 1 lit. b) DSGVO. Bei den Vertragsverh\u00e4ltnissen<br \/>\nhandelt es sich in erster Linie um das Mitgliedschaftsverh\u00e4ltnis im Verein und um die Teilnahme an<br \/>\nVereinsveranstaltungen.<br \/>\nWerden personenbezogene Daten erhoben, ohne dass die Verarbeitung zur Erfu\u0308llung des Vertrages<br \/>\nerforderlich ist, erfolgt die Verarbeitung aufgrund einer Einwilligung nach Artikel 6 Abs. 1 lit. a)<br \/>\ni.V.m. Artikel 7 DSGVO.<br \/>\nDie Ver\u00f6ffentlichung personenbezogener Daten im Internet oder in lokalen, regionalen oder<br \/>\nu\u0308berregionalen Printmedien erfolgt zur Wahrung berechtigter Interessen des Vereins (vgl. Artikel 6<br \/>\nAbs. 1 lit. f) DSGVO). Das berechtigte Interesse des Vereins besteht in der Information der<br \/>\n\u00d6ffentlichkeit durch Berichtserstattung u\u0308ber die Aktivit\u00e4ten des Vereins. In diesem Rahmen werden<br \/>\npersonenbezogene Daten einschlie\u00dflich von Bildern der Teilnehmer zum Beispiel im Rahmen der<br \/>\nBerichterstattung u\u0308ber Vereinsveranstaltungen ver\u00f6ffentlicht.<br \/>\nEmpf\u00e4nger der personenbezogenen Daten<br \/>\nPersonenbezogene Daten der Mitglieder, die an Vereinsveranstaltungen teilnehmen, werden im<br \/>\nRahmen des organisatorisch Notwendigen an den\/die vom Verein mit der Durchfu\u0308hrung der<br \/>\nVeranstaltung beauftragten Organistor\/en der Veranstaltung weitergegeben.<br \/>\nDie Daten der Bankverbindung der Mitglieder werden zum Zwecke des Beitragseinzugs an die<br \/>\nkontofu\u0308hrende Bank (z. Zt. die Commerzbank) weitergeleitet.<br \/>\nDauer der Speicherung personenbezogener Daten<br \/>\nDie personenbezogenen Daten werden fu\u0308r die Dauer der Mitgliedschaft gespeichert.<br \/>\nMit Beendigung der Mitgliedschaft werden die Datenkategorien gem\u00e4\u00df den gesetzlichen<br \/>\nAufbewahrungsfristen vorgehalten und dann gel\u00f6scht. In der Zeit zwischen Beendigung der<br \/>\nMitgliedschaft\/des Vertrags und der L\u00f6schung wird die Verarbeitung dieser Daten eingeschr\u00e4nkt.<br \/>\nBestimmte Datenkategorien werden zum Zweck der Vereinschronik in Archiven gespeichert.<br \/>\nHierbei handelt es sich um die Kategorien Vorname, Nachname, Vereinszugeh\u00f6rigkeit, besondere<br \/>\nEreignisse, an denen die betroffene Person mitgewirkt hat sowie Auszeichnungen, die die betroffene<br \/>\nPerson erhalten hat. Der Speicherung liegt ein berechtigtes Interesse des Vereins an der<br \/>\nzeitgeschichtlichen Dokumentation von Ereignissen, Erfolgen und Auszeichnungen zugrunde.<br \/>\nAlle Daten der u\u0308brigen Kategorien (z.B. Bankdaten, Anschrift, Kontaktdaten) werden nach<br \/>\nBeendigung der Mitgliedschaft\/des Vertrags gel\u00f6scht.<br \/>\nRechte der Mitglieder<br \/>\nDer betroffenen Person stehen unter den in den Artikeln jeweils genannten Voraussetzungen die<br \/>\nnachfolgenden Rechte zu:<br \/>\n\u2022 das Recht auf Auskunft nach Artikel 15 DSGVO,<br \/>\n\u2022 das Recht auf Berichtigung nach Artikel 16 DSGVO,<br \/>\n\u2022 das Recht auf L\u00f6schung nach Artikel 17 DSGVO, bzw. das Recht auf Einschr\u00e4nkung der<br \/>\nVerarbeitung nach Artikel 18 DSGVO, wenn eine L\u00f6schung nicht Gesetzeskonform ist<br \/>\n\u2022 das Widerspruchsrecht nach Artikel 21 DSGVO,<br \/>\n\u2022 das Recht auf Beschwerde bei einer Aufsichtsbeh\u00f6rde nach Artikel 77 DSGVO<br \/>\nAnpassung und \u00c4nderung der Datenschutzerkl\u00e4rung<br \/>\nDer BAUR-Club hat das Recht, diese Datenschutzerkl\u00e4rung bei Bedarf zu \u00e4ndern bzw. zu<br \/>\naktualisieren. Dies kann insbesondere dann der Fall sein, wenn neuen oder ge\u00e4nderten Angeboten<br \/>\ndes Vereins oder Funktionen der Webseite in den Datenschutzrichtlinien Rechnung getragen werden<br \/>\nmuss oder wenn Mitglieder-Feedback in der Datenschutzerkl\u00e4rung beru\u0308cksichtigt werden soll. Wir<br \/>\nwerden selbstverst\u00e4ndlich das Datum der letzten Aktualisierung immer innerhalb dieser Erkl\u00e4rung<br \/>\nangeben. Sollten sich grundlegende \u00c4nderungen ergeben, werden wir euch natu\u0308rlich vor<br \/>\nrechtm\u00e4\u00dfigem Inkrafttreten entweder per Mitteilung auf unserer Webseite oder auf anderem Weg<br \/>\n(bspw. Mail, Brief) daru\u0308ber informieren. Wir empfehlen aber, diese Datenschutzerkl\u00e4rung<br \/>\nregelm\u00e4\u00dfig zu lesen, um jederzeit einsch\u00e4tzen zu k\u00f6nnen, wie wir mit euren personenbezogenen<br \/>\nDaten umgehen.<br \/>\nKontaktaufnahme bei Fragen und Wu\u0308nschen<br \/>\nBei Fragen, Anmerkungen, Auskunftswu\u0308nschen oder sonstigen Anliegen zu euren<br \/>\npersonenbezogenen Daten, sendet uns einfach eine E-Mail an office@bmw-baur-tc-club.de .<br \/>\nEin Datenschutzbeauftragter ist nicht bestellt, da im BAUR-Club weniger als die in der<br \/>\nDatenschutzgrundverordnung angegebene Anzahl von 10 Personen regelm\u00e4\u00dfig mit der<br \/>\nautomatisierten Verarbeitung von personenbezogenen Daten befasst sind.<br \/>\nStand dieser Erkl\u00e4rung: 25. Mai 2018<\/p>\n<\/div>\n","protected":false},"excerpt":{"rendered":"<p>Impressum BMW BAUR TC Club e.V., Oherweg 23a, 21509 Glinde Clubb\u00fcro: BMW BAUR TC Club e.V., Stefan Brand, Zentgrafenstra\u00dfe 18, 60389 Frankfurt am Main Vorstand: Thomas Puls, 1. Vorsitzender Stefan Brand, 2. Vorsitzender Eingetragen im Vereinsregister des Amtsgericht L\u00fcbeck Vereinsregisternummer &hellip; <a href=\"https:\/\/bmw-baur-tc-club.de\/WP\/impressum\/\">Weiterlesen <span class=\"meta-nav\">&rarr;<\/span><\/a><\/p>\n","protected":false},"author":1,"featured_media":17,"parent":0,"menu_order":0,"comment_status":"closed","ping_status":"closed","template":"full-width-page.php","meta":{"footnotes":""},"class_list":["post-8","page","type-page","status-publish","has-post-thumbnail","hentry"],"_links":{"self":[{"href":"https:\/\/bmw-baur-tc-club.de\/WP\/wp-json\/wp\/v2\/pages\/8","targetHints":{"allow":["GET"]}}],"collection":[{"href":"https:\/\/bmw-baur-tc-club.de\/WP\/wp-json\/wp\/v2\/pages"}],"about":[{"href":"https:\/\/bmw-baur-tc-club.de\/WP\/wp-json\/wp\/v2\/types\/page"}],"author":[{"embeddable":true,"href":"https:\/\/bmw-baur-tc-club.de\/WP\/wp-json\/wp\/v2\/users\/1"}],"replies":[{"embeddable":true,"href":"https:\/\/bmw-baur-tc-club.de\/WP\/wp-json\/wp\/v2\/comments?post=8"}],"version-history":[{"count":26,"href":"https:\/\/bmw-baur-tc-club.de\/WP\/wp-json\/wp\/v2\/pages\/8\/revisions"}],"predecessor-version":[{"id":6822,"href":"https:\/\/bmw-baur-tc-club.de\/WP\/wp-json\/wp\/v2\/pages\/8\/revisions\/6822"}],"wp:featuredmedia":[{"embeddable":true,"href":"https:\/\/bmw-baur-tc-club.de\/WP\/wp-json\/wp\/v2\/media\/17"}],"wp:attachment":[{"href":"https:\/\/bmw-baur-tc-club.de\/WP\/wp-json\/wp\/v2\/media?parent=8"}],"curies":[{"name":"wp","href":"https:\/\/api.w.org\/{rel}","templated":true}]}}