{"id":337,"date":"2014-01-23T13:35:58","date_gmt":"2014-01-23T12:35:58","guid":{"rendered":"http:\/\/bmw-baur-tc-club.de\/WP\/?page_id=337"},"modified":"2022-02-16T14:48:47","modified_gmt":"2022-02-16T13:48:47","slug":"links","status":"publish","type":"page","link":"https:\/\/bmw-baur-tc-club.de\/WP\/links\/","title":{"rendered":"Links"},"content":{"rendered":"<h1>Linksammlung<\/h1>\n<h2>BMW-Spezialisten, Fachwerkst\u00e4tten<\/h2>\n<table border=\"0\" cellspacing=\"0\" cellpadding=\"0\">\n<tbody>\n<tr valign=\"top\">\n<td><b>Auto-Sattlerei Gregor Ballas<\/b><br \/>\nRestaurierungen und Reparaturen<br \/>\nPeter-St\u00fchlen-Str. 112-114, 51103 K\u00f6ln<\/td>\n<td><\/td>\n<td>Tel: 0221 853188<br \/>\n<a href=\"http:\/\/www.autosattlerei-ballas.de\/\" target=\"_blank\" rel=\"noopener noreferrer\">http:\/\/www.autosattlerei-ballas.de<\/a><\/td>\n<\/tr>\n<tr>\n<td><\/td>\n<\/tr>\n<tr valign=\"top\">\n<td><b>Ahrend 02 Tuning<\/b><br \/>\nFachbetrieb f\u00fcr die KFZ-Baureihen BMW 02, Coup\u00e9 bis E30<br \/>\nNu\u00dfbaumweg 9, 51503 R\u00f6srath<\/td>\n<td><\/td>\n<td>Tel: 02205 4087<br \/>\nFax: 02205 84216<br \/>\n<a href=\"http:\/\/www.ahrend-02-tuning.de\"><span class=\"contact-webpage\">http:\/\/www.ahrend-02-tuning.de<\/span><\/a><\/td>\n<\/tr>\n<tr>\n<td><\/td>\n<\/tr>\n<tr valign=\"top\">\n<td><b>DimA &#8211; Dietmar und Martin Neuhaus GbR<\/b><br \/>\nBezugsquelle f\u00fcr Tenax-Kn\u00f6pfe (f\u00fcr den TC4)<br \/>\nUnterm Eistenberg 4, 59846 Sundern<\/td>\n<td><\/td>\n<td>Tel: 02933\/7844803 o. 0170\/5879015<br \/>\nFax: 02933\/7844804<br \/>\n<a href=\"http:\/\/www.dima-fachhandel.de\/\"><span class=\"contact-webpage\">http:\/\/www.dima-fachhandel.de\/<\/span><\/a><\/td>\n<\/tr>\n<tr>\n<td><\/td>\n<\/tr>\n<tr valign=\"top\">\n<td width=\"360\"><b>CAR CLINIC PACHINGER<\/b><br \/>\nKarosseriearbeiten, Lackierung, Klimaanlagenst\u00fctzpunkt, Nachr\u00fcstung von Sonderzubeh\u00f6r, speziell Elektrik, wie ZV, Funkfernbedienung, Navigation, Alarmanlage<br \/>\n<i><b>Sonderkonditionen f\u00fcr Mitglieder des BMW-BAUR-TC-Clubs<\/b><\/i><br \/>\nMoerserstr. 28, 47228 Duisburg<\/td>\n<td><\/td>\n<td width=\"254\">Tel: 02065 499-199<br \/>\n<a href=\"http:\/\/www.carclinic-pachinger.de\/\" target=\"_blank\" rel=\"noopener noreferrer\">http:\/\/www.carclinic-pachinger.de\/<\/a><br \/>\nAnsprechpartner: Herr Pachinger<\/td>\n<\/tr>\n<tr>\n<td><\/td>\n<\/tr>\n<tr valign=\"top\">\n<td><b>Polte Autok\u00fchler<\/b><br \/>\nSpezialist f\u00fcr Motorenk\u00fchlung und Fahrzeugklimatisierung<br \/>\n<b><i>Sonderkonditionen f\u00fcr Mitglieder des BMW-BAUR-TC-Clubs<\/i><\/b><br \/>\nStettiner Str. 1, 33106 Paderborn<\/td>\n<td><\/td>\n<td>Tel: 05251 74554<br \/>\n<a href=\"http:\/\/www.autokuehler-paderborn.de\/\" target=\"_blank\" rel=\"noopener noreferrer\">www.autokuehler-paderborn.de<\/a><br \/>\n<a href=\"mailto:polte@autokuehler-paderborn.de\">polte@autokuehler-paderborn.de<\/a><br \/>\nAnsprechpartner: Bernd Nicolaus<\/td>\n<\/tr>\n<tr>\n<td><\/td>\n<\/tr>\n<tr valign=\"top\">\n<td><b>Schechtel, BMW-Teilehandel<\/b><br \/>\nMotor- und Fahrwerk-Tuning<br \/>\nBoschstra\u00dfe 3, 59269 Beckum 2<\/td>\n<td><\/td>\n<td>Tel.: 02525 950202<br \/>\nAnsprechpartner: Maik Schechtel<\/td>\n<\/tr>\n<tr>\n<td><\/td>\n<\/tr>\n<tr valign=\"top\">\n<td><b>Walloth u. Nesch GbR<\/b><br \/>\nErsatzteile f\u00fcr klassische BMW-Automobile<br \/>\nSpare parts for classical BMW automobiles<br \/>\nIm Ohl 69, D-59757 Arnsberg, Germany<\/td>\n<td><\/td>\n<td>\nTel: +49 (0)2932 700020<br \/>\nFax: +49 (0)2932 83915<br \/>\n<a href=\"http:\/\/www.wallothnesch.com\" target=\"_blank\" rel=\"noopener noreferrer\">http:\/\/www.wallothnesch.com<\/a><\/td>\n<\/tr>\n<\/tbody>\n<\/table>\n<h2>Diverse Links zu BMW, Cabrios und anderen Clubs<\/h2>\n<ul>\n<li><a href=\"http:\/\/www.3er-club.de\/\" target=\"_blank\" rel=\"noopener noreferrer\">BMW 3er-Club (e21\/e30)<\/a><\/li>\n<li><a href=\"http:\/\/www.e21-board.de\">Das E21 Forum<\/a><\/li>\n<li><a href=\"http:\/\/www.e30.de\/\" target=\"_blank\" rel=\"noopener noreferrer\">Die E30 Seite<\/a><\/li>\n<li><a href=\"http:\/\/www.power-to-the-baur.de\" target=\"_blank\" rel=\"noopener noreferrer\">Das Baur TC Tagebuch<\/a><\/li>\n<li><a href=\"http:\/\/www.aero-stammtisch.de\/\" target=\"_blank\" rel=\"noopener noreferrer\">Der kleine Bruder: OPEL Kadett C Aero<\/a><\/li>\n<li><a href=\"http:\/\/www.historischesarchiv.bmw.de\/\" target=\"_blank\" rel=\"noopener noreferrer\">BMW Historisches Archiv<\/a><\/li>\n<li><a href=\"http:\/\/www.bmw-classic.de\/\" target=\"_blank\" rel=\"noopener noreferrer\">BMW Classic<\/a> (ehemals BMW Mobile Tradition)<\/li>\n<li><a href=\"http:\/\/www.bmw.de\/\" target=\"_blank\" rel=\"noopener noreferrer\">BMW AG<\/a><\/li>\n<li><a href=\"http:\/\/www.bmw-clubs-international.com\/de\/index.html\" target=\"_blank\" rel=\"noopener noreferrer\">International Council of BMW Clubs (deutsch)<\/a><\/li>\n<li><a href=\"http:\/\/www.bmwe21baur.npage.de\/baur-tc1-register.html\" target=\"_blank\" rel=\"noopener noreferrer\">International BMW BAUR TC Register<\/a><\/li>\n<\/ul>\n","protected":false},"excerpt":{"rendered":"<p>Linksammlung BMW-Spezialisten, Fachwerkst\u00e4tten Auto-Sattlerei Gregor Ballas Restaurierungen und Reparaturen Peter-St\u00fchlen-Str. 112-114, 51103 K\u00f6ln Tel: 0221 853188 http:\/\/www.autosattlerei-ballas.de Ahrend 02 Tuning Fachbetrieb f\u00fcr die KFZ-Baureihen BMW 02, Coup\u00e9 bis E30 Nu\u00dfbaumweg 9, 51503 R\u00f6srath Tel: 02205 4087 Fax: 02205 84216 http:\/\/www.ahrend-02-tuning.de &hellip; <a href=\"https:\/\/bmw-baur-tc-club.de\/WP\/links\/\">Weiterlesen <span class=\"meta-nav\">&rarr;<\/span><\/a><\/p>\n","protected":false},"author":1,"featured_media":0,"parent":0,"menu_order":0,"comment_status":"closed","ping_status":"closed","template":"full-width-page.php","meta":{"footnotes":""},"class_list":["post-337","page","type-page","status-publish","hentry"],"_links":{"self":[{"href":"https:\/\/bmw-baur-tc-club.de\/WP\/wp-json\/wp\/v2\/pages\/337","targetHints":{"allow":["GET"]}}],"collection":[{"href":"https:\/\/bmw-baur-tc-club.de\/WP\/wp-json\/wp\/v2\/pages"}],"about":[{"href":"https:\/\/bmw-baur-tc-club.de\/WP\/wp-json\/wp\/v2\/types\/page"}],"author":[{"embeddable":true,"href":"https:\/\/bmw-baur-tc-club.de\/WP\/wp-json\/wp\/v2\/users\/1"}],"replies":[{"embeddable":true,"href":"https:\/\/bmw-baur-tc-club.de\/WP\/wp-json\/wp\/v2\/comments?post=337"}],"version-history":[{"count":25,"href":"https:\/\/bmw-baur-tc-club.de\/WP\/wp-json\/wp\/v2\/pages\/337\/revisions"}],"predecessor-version":[{"id":6306,"href":"https:\/\/bmw-baur-tc-club.de\/WP\/wp-json\/wp\/v2\/pages\/337\/revisions\/6306"}],"wp:attachment":[{"href":"https:\/\/bmw-baur-tc-club.de\/WP\/wp-json\/wp\/v2\/media?parent=337"}],"curies":[{"name":"wp","href":"https:\/\/api.w.org\/{rel}","templated":true}]}}